{"id":21,"date":"2016-07-29T10:53:05","date_gmt":"2016-07-29T08:53:05","guid":{"rendered":"https:\/\/www.diocesi.lodi.it\/archivio\/?page_id=21"},"modified":"2024-02-01T10:44:49","modified_gmt":"2024-02-01T09:44:49","slug":"chi-siamo-2","status":"publish","type":"page","link":"https:\/\/www.diocesi.lodi.it\/archivio\/chi-siamo-2\/","title":{"rendered":"CONTATTI"},"content":{"rendered":"<p style=\"text-align: left\" align=\"center\"><strong>Delegato vescovile<\/strong><br \/>\nDon Emilio Contardi<\/p>\n<p style=\"text-align: left\" align=\"center\"><strong>Archiviste<\/strong><br \/>\nDr.ssa Maria Grazia Casali &#8211; Dr.ssa Martina Pezzoni<\/p>\n<p style=\"text-align: left\" align=\"center\"><strong>Contatti<\/strong><br \/>\n<strong>Sede:<\/strong> Via Cavour, 31 \u2013 26900 Lodi<br \/>\n<strong>Tel:<\/strong> 0371 948160<br \/>\n<strong>E-mail:<\/strong> <a href=\"mailto:archivio@diocesi.lodi.it\" target=\"_blank\" rel=\"noopener\">archivio@diocesi.lodi.it<\/a><\/p>\n<hr \/>\n<p style=\"text-align: left\" align=\"center\"><img loading=\"lazy\" decoding=\"async\" class=\"wp-image-458 size-medium alignright\" src=\"https:\/\/www.diocesi.lodi.it\/archivio\/wp-content\/uploads\/sites\/6\/2018\/12\/sala-studio-Archivio-1-300x225.jpg\" alt=\"\" width=\"300\" height=\"225\" srcset=\"https:\/\/www.diocesi.lodi.it\/archivio\/wp-content\/uploads\/sites\/6\/2018\/12\/sala-studio-Archivio-1-300x225.jpg 300w, https:\/\/www.diocesi.lodi.it\/archivio\/wp-content\/uploads\/sites\/6\/2018\/12\/sala-studio-Archivio-1-768x576.jpg 768w, https:\/\/www.diocesi.lodi.it\/archivio\/wp-content\/uploads\/sites\/6\/2018\/12\/sala-studio-Archivio-1-1024x768.jpg 1024w, https:\/\/www.diocesi.lodi.it\/archivio\/wp-content\/uploads\/sites\/6\/2018\/12\/sala-studio-Archivio-1-360x270.jpg 360w\" sizes=\"(max-width: 300px) 100vw, 300px\" \/>L\u2019Archivio storico diocesano conserva <strong><a href=\"https:\/\/www.beweb.chiesacattolica.it\/UI\/page.jsp?ambito=FONDI&amp;action=CERCAARC&amp;domini=7&amp;ordine=rilevanza&amp;locale=it&amp;frase=Lodi\" target=\"_blank\" rel=\"noopener\">documentazione<\/a><\/strong> che riguarda pi\u00f9 di mille anni di attivit\u00e0 dei vescovi della Diocesi di Lodi.<br \/>\nApre ufficialmente al pubblico nell\u2019anno 1986, e nel 2005 si stabilisce nell\u2019attuale sede ristrutturata per il servizio ai ricercatori.<br \/>\nFunzione dell\u2019Archivio \u00e8 quella di <strong>conservare<\/strong> i documenti,<strong> offrire assistenza alla ricerca<\/strong> in Sala studio, <strong>valorizzare<\/strong> il patrimonio archivistico attraverso iniziative culturali, <strong>fornire un servizio formativo<\/strong> con la didattica per le scuole.<br \/>\n<strong>L\u2019accesso all\u2019Archivio \u00e8 libero e gratuito<\/strong>, previa iscrizione in sede con un documento di identit\u00e0 valido, e accettazione delle disposizioni prescritte a tutela dei documenti.<br \/>\n\u00c8 ubicato nel Palazzo della Curia vescovile, l&#8217;antico edificio adibito fin dal medioevo a residenza dei vescovi lodigiani. Collocato nel cuore della citt\u00e0 in prossimit\u00e0 della chiesa cattedrale, \u00e8 facilmente <strong>raggiungibile a piedi dalla stazione ferroviaria<\/strong>.<br \/>\nL\u2019Archivio si trova in zona a traffico limitato, l\u2019accesso alle auto \u00e8 consentito solo dalle <strong>vie Fissiraga e Volturno<\/strong>. Il parcheggio a pagamento pi\u00f9 vicino si trova in Piazza Mercato.<br \/>\n<strong>La sede \u00e8 attrezzata<\/strong> con una sala studio climatizzata collocata al primo piano con ascensore. \u00c8 dotata di prese per il pc e di tutti i servizi necessari.<br \/>\nL\u2019Archivio \u00e8 presente nell\u2019<strong><a href=\"http:\/\/www.anagrafebbcc.chiesacattolica.it\/anagraficaCEIBib\/public\/VisualizzaScheda.do?codice_cei=CEI406A00001\" target=\"_blank\" rel=\"noopener\">Anagrafe Cei degli Istituti Culturali Ecclesiastici<\/a><\/strong>.<\/p>\n<p><strong><br \/>\nORARI DI APERTURA<\/strong><br \/>\nGioved\u00ec 13.00-16.30<br \/>\nVenerd\u00ec 8.30-17.00<\/p>\n<p><strong>CHIUSURA<br \/>\n<\/strong>Feste civili e religiose; tre settimane ad agosto.<br \/>\nLe date ordinarie e straordinarie di sospensione del servizio sono pubblicate con adeguato anticipo sul sito.<\/p>\n<p><strong>DOVE SIAMO<\/strong><\/p>\n","protected":false},"excerpt":{"rendered":"<p>Delegato vescovile Don Emilio Contardi Archiviste Dr.ssa Maria Grazia Casali &#8211; Dr.ssa Martina Pezzoni Contatti Sede: Via Cavour, 31 \u2013 26900 Lodi Tel: 0371 948160 E-mail: archivio@diocesi.lodi.it L\u2019Archivio storico diocesano conserva documentazione che riguarda pi\u00f9 di mille anni di attivit\u00e0 dei vescovi della Diocesi di Lodi. Apre ufficialmente al pubblico nell\u2019anno 1986, e nel 2005 [&hellip;]<\/p>\n","protected":false},"author":0,"featured_media":0,"parent":0,"menu_order":0,"comment_status":"closed","ping_status":"closed","template":"","meta":{"_acf_changed":false,"ip_address":"","user_agent":"","level":"","revision":"","cookie_id":"","page_referer":"","html_form":"","footnotes":""},"acf":[],"yoast_head":"<!-- This site is optimized with the Yoast SEO plugin v22.3 - https:\/\/yoast.com\/wordpress\/plugins\/seo\/ -->\n<title>CONTATTI - Archivio Storico Diocesano<\/title>\n<meta name=\"robots\" content=\"index, follow, max-snippet:-1, max-image-preview:large, max-video-preview:-1\" \/>\n<link rel=\"canonical\" href=\"https:\/\/www.diocesi.lodi.it\/archivio\/chi-siamo-2\/\" \/>\n<meta property=\"og:locale\" content=\"it_IT\" \/>\n<meta property=\"og:type\" content=\"article\" \/>\n<meta property=\"og:title\" content=\"CONTATTI - Archivio Storico Diocesano\" \/>\n<meta property=\"og:description\" content=\"Delegato vescovile Don Emilio Contardi Archiviste Dr.ssa Maria Grazia Casali &#8211; Dr.ssa Martina Pezzoni Contatti Sede: Via Cavour, 31 \u2013 26900 Lodi Tel: 0371 948160 E-mail: archivio@diocesi.lodi.it L\u2019Archivio storico diocesano conserva documentazione che riguarda pi\u00f9 di mille anni di attivit\u00e0 dei vescovi della Diocesi di Lodi. Apre ufficialmente al pubblico nell\u2019anno 1986, e nel 2005 [&hellip;]\" \/>\n<meta property=\"og:url\" content=\"https:\/\/www.diocesi.lodi.it\/archivio\/chi-siamo-2\/\" \/>\n<meta property=\"og:site_name\" content=\"Archivio Storico Diocesano\" \/>\n<meta property=\"article:modified_time\" content=\"2024-02-01T09:44:49+00:00\" \/>\n<meta property=\"og:image\" content=\"https:\/\/www.diocesi.lodi.it\/archivio\/wp-content\/uploads\/sites\/6\/2018\/12\/sala-studio-Archivio-1-300x225.jpg\" \/>\n<meta name=\"twitter:card\" content=\"summary_large_image\" \/>\n<meta name=\"twitter:label1\" content=\"Tempo di lettura stimato\" \/>\n\t<meta name=\"twitter:data1\" content=\"2 minuti\" \/>\n<script type=\"application\/ld+json\" class=\"yoast-schema-graph\">{\"@context\":\"https:\/\/schema.org\",\"@graph\":[{\"@type\":\"WebPage\",\"@id\":\"https:\/\/www.diocesi.lodi.it\/archivio\/chi-siamo-2\/\",\"url\":\"https:\/\/www.diocesi.lodi.it\/archivio\/chi-siamo-2\/\",\"name\":\"CONTATTI - Archivio Storico Diocesano\",\"isPartOf\":{\"@id\":\"https:\/\/www.diocesi.lodi.it\/archivio\/#website\"},\"primaryImageOfPage\":{\"@id\":\"https:\/\/www.diocesi.lodi.it\/archivio\/chi-siamo-2\/#primaryimage\"},\"image\":{\"@id\":\"https:\/\/www.diocesi.lodi.it\/archivio\/chi-siamo-2\/#primaryimage\"},\"thumbnailUrl\":\"https:\/\/www.diocesi.lodi.it\/archivio\/wp-content\/uploads\/sites\/6\/2018\/12\/sala-studio-Archivio-1-300x225.jpg\",\"datePublished\":\"2016-07-29T08:53:05+00:00\",\"dateModified\":\"2024-02-01T09:44:49+00:00\",\"breadcrumb\":{\"@id\":\"https:\/\/www.diocesi.lodi.it\/archivio\/chi-siamo-2\/#breadcrumb\"},\"inLanguage\":\"it-IT\",\"potentialAction\":[{\"@type\":\"ReadAction\",\"target\":[\"https:\/\/www.diocesi.lodi.it\/archivio\/chi-siamo-2\/\"]}]},{\"@type\":\"ImageObject\",\"inLanguage\":\"it-IT\",\"@id\":\"https:\/\/www.diocesi.lodi.it\/archivio\/chi-siamo-2\/#primaryimage\",\"url\":\"https:\/\/www.diocesi.lodi.it\/archivio\/wp-content\/uploads\/sites\/6\/2018\/12\/sala-studio-Archivio-1.jpg\",\"contentUrl\":\"https:\/\/www.diocesi.lodi.it\/archivio\/wp-content\/uploads\/sites\/6\/2018\/12\/sala-studio-Archivio-1.jpg\",\"width\":2592,\"height\":1944},{\"@type\":\"BreadcrumbList\",\"@id\":\"https:\/\/www.diocesi.lodi.it\/archivio\/chi-siamo-2\/#breadcrumb\",\"itemListElement\":[{\"@type\":\"ListItem\",\"position\":1,\"name\":\"Home\",\"item\":\"https:\/\/www.diocesi.lodi.it\/archivio\/\"},{\"@type\":\"ListItem\",\"position\":2,\"name\":\"CONTATTI\"}]},{\"@type\":\"WebSite\",\"@id\":\"https:\/\/www.diocesi.lodi.it\/archivio\/#website\",\"url\":\"https:\/\/www.diocesi.lodi.it\/archivio\/\",\"name\":\"Archivio Storico Diocesano\",\"description\":\"Diocesi di Lodi\",\"publisher\":{\"@id\":\"https:\/\/www.diocesi.lodi.it\/archivio\/#organization\"},\"potentialAction\":[{\"@type\":\"SearchAction\",\"target\":{\"@type\":\"EntryPoint\",\"urlTemplate\":\"https:\/\/www.diocesi.lodi.it\/archivio\/?s={search_term_string}\"},\"query-input\":\"required name=search_term_string\"}],\"inLanguage\":\"it-IT\"},{\"@type\":\"Organization\",\"@id\":\"https:\/\/www.diocesi.lodi.it\/archivio\/#organization\",\"name\":\"Archivio Storico Diocesano\",\"url\":\"https:\/\/www.diocesi.lodi.it\/archivio\/\",\"logo\":{\"@type\":\"ImageObject\",\"inLanguage\":\"it-IT\",\"@id\":\"https:\/\/www.diocesi.lodi.it\/archivio\/#\/schema\/logo\/image\/\",\"url\":\"https:\/\/www.diocesi.lodi.it\/archivio\/wp-content\/uploads\/sites\/6\/2023\/10\/lodi-ico.png\",\"contentUrl\":\"https:\/\/www.diocesi.lodi.it\/archivio\/wp-content\/uploads\/sites\/6\/2023\/10\/lodi-ico.png\",\"width\":191,\"height\":190,\"caption\":\"Archivio Storico Diocesano\"},\"image\":{\"@id\":\"https:\/\/www.diocesi.lodi.it\/archivio\/#\/schema\/logo\/image\/\"}}]}<\/script>\n<!-- \/ Yoast SEO plugin. -->","yoast_head_json":{"title":"CONTATTI - Archivio Storico Diocesano","robots":{"index":"index","follow":"follow","max-snippet":"max-snippet:-1","max-image-preview":"max-image-preview:large","max-video-preview":"max-video-preview:-1"},"canonical":"https:\/\/www.diocesi.lodi.it\/archivio\/chi-siamo-2\/","og_locale":"it_IT","og_type":"article","og_title":"CONTATTI - Archivio Storico Diocesano","og_description":"Delegato vescovile Don Emilio Contardi Archiviste Dr.ssa Maria Grazia Casali &#8211; Dr.ssa Martina Pezzoni Contatti Sede: Via Cavour, 31 \u2013 26900 Lodi Tel: 0371 948160 E-mail: archivio@diocesi.lodi.it L\u2019Archivio storico diocesano conserva documentazione che riguarda pi\u00f9 di mille anni di attivit\u00e0 dei vescovi della Diocesi di Lodi. Apre ufficialmente al pubblico nell\u2019anno 1986, e nel 2005 [&hellip;]","og_url":"https:\/\/www.diocesi.lodi.it\/archivio\/chi-siamo-2\/","og_site_name":"Archivio Storico Diocesano","article_modified_time":"2024-02-01T09:44:49+00:00","og_image":[{"url":"https:\/\/www.diocesi.lodi.it\/archivio\/wp-content\/uploads\/sites\/6\/2018\/12\/sala-studio-Archivio-1-300x225.jpg"}],"twitter_card":"summary_large_image","twitter_misc":{"Tempo di lettura stimato":"2 minuti"},"schema":{"@context":"https:\/\/schema.org","@graph":[{"@type":"WebPage","@id":"https:\/\/www.diocesi.lodi.it\/archivio\/chi-siamo-2\/","url":"https:\/\/www.diocesi.lodi.it\/archivio\/chi-siamo-2\/","name":"CONTATTI - Archivio Storico Diocesano","isPartOf":{"@id":"https:\/\/www.diocesi.lodi.it\/archivio\/#website"},"primaryImageOfPage":{"@id":"https:\/\/www.diocesi.lodi.it\/archivio\/chi-siamo-2\/#primaryimage"},"image":{"@id":"https:\/\/www.diocesi.lodi.it\/archivio\/chi-siamo-2\/#primaryimage"},"thumbnailUrl":"https:\/\/www.diocesi.lodi.it\/archivio\/wp-content\/uploads\/sites\/6\/2018\/12\/sala-studio-Archivio-1-300x225.jpg","datePublished":"2016-07-29T08:53:05+00:00","dateModified":"2024-02-01T09:44:49+00:00","breadcrumb":{"@id":"https:\/\/www.diocesi.lodi.it\/archivio\/chi-siamo-2\/#breadcrumb"},"inLanguage":"it-IT","potentialAction":[{"@type":"ReadAction","target":["https:\/\/www.diocesi.lodi.it\/archivio\/chi-siamo-2\/"]}]},{"@type":"ImageObject","inLanguage":"it-IT","@id":"https:\/\/www.diocesi.lodi.it\/archivio\/chi-siamo-2\/#primaryimage","url":"https:\/\/www.diocesi.lodi.it\/archivio\/wp-content\/uploads\/sites\/6\/2018\/12\/sala-studio-Archivio-1.jpg","contentUrl":"https:\/\/www.diocesi.lodi.it\/archivio\/wp-content\/uploads\/sites\/6\/2018\/12\/sala-studio-Archivio-1.jpg","width":2592,"height":1944},{"@type":"BreadcrumbList","@id":"https:\/\/www.diocesi.lodi.it\/archivio\/chi-siamo-2\/#breadcrumb","itemListElement":[{"@type":"ListItem","position":1,"name":"Home","item":"https:\/\/www.diocesi.lodi.it\/archivio\/"},{"@type":"ListItem","position":2,"name":"CONTATTI"}]},{"@type":"WebSite","@id":"https:\/\/www.diocesi.lodi.it\/archivio\/#website","url":"https:\/\/www.diocesi.lodi.it\/archivio\/","name":"Archivio Storico Diocesano","description":"Diocesi di Lodi","publisher":{"@id":"https:\/\/www.diocesi.lodi.it\/archivio\/#organization"},"potentialAction":[{"@type":"SearchAction","target":{"@type":"EntryPoint","urlTemplate":"https:\/\/www.diocesi.lodi.it\/archivio\/?s={search_term_string}"},"query-input":"required name=search_term_string"}],"inLanguage":"it-IT"},{"@type":"Organization","@id":"https:\/\/www.diocesi.lodi.it\/archivio\/#organization","name":"Archivio Storico Diocesano","url":"https:\/\/www.diocesi.lodi.it\/archivio\/","logo":{"@type":"ImageObject","inLanguage":"it-IT","@id":"https:\/\/www.diocesi.lodi.it\/archivio\/#\/schema\/logo\/image\/","url":"https:\/\/www.diocesi.lodi.it\/archivio\/wp-content\/uploads\/sites\/6\/2023\/10\/lodi-ico.png","contentUrl":"https:\/\/www.diocesi.lodi.it\/archivio\/wp-content\/uploads\/sites\/6\/2023\/10\/lodi-ico.png","width":191,"height":190,"caption":"Archivio Storico Diocesano"},"image":{"@id":"https:\/\/www.diocesi.lodi.it\/archivio\/#\/schema\/logo\/image\/"}}]}},"publishpress_future_action":{"enabled":false,"date":"2026-05-07 07:25:58","action":"change-status","newStatus":"draft","terms":[],"taxonomy":""},"_links":{"self":[{"href":"https:\/\/www.diocesi.lodi.it\/archivio\/wp-json\/wp\/v2\/pages\/21"}],"collection":[{"href":"https:\/\/www.diocesi.lodi.it\/archivio\/wp-json\/wp\/v2\/pages"}],"about":[{"href":"https:\/\/www.diocesi.lodi.it\/archivio\/wp-json\/wp\/v2\/types\/page"}],"author":[{"embeddable":true,"href":"https:\/\/www.diocesi.lodi.it\/archivio\/wp-json\/wp\/v2\/users\/7"}],"replies":[{"embeddable":true,"href":"https:\/\/www.diocesi.lodi.it\/archivio\/wp-json\/wp\/v2\/comments?post=21"}],"version-history":[{"count":4,"href":"https:\/\/www.diocesi.lodi.it\/archivio\/wp-json\/wp\/v2\/pages\/21\/revisions"}],"predecessor-version":[{"id":678,"href":"https:\/\/www.diocesi.lodi.it\/archivio\/wp-json\/wp\/v2\/pages\/21\/revisions\/678"}],"wp:attachment":[{"href":"https:\/\/www.diocesi.lodi.it\/archivio\/wp-json\/wp\/v2\/media?parent=21"}],"curies":[{"name":"wp","href":"https:\/\/api.w.org\/{rel}","templated":true}]}}